{"id":4686,"date":"2020-05-20T23:16:23","date_gmt":"2020-05-20T23:16:23","guid":{"rendered":"https:\/\/leversens.com\/?page_id=4686"},"modified":"2020-05-22T00:25:28","modified_gmt":"2020-05-22T00:25:28","slug":"habilidades-gerenciales","status":"publish","type":"page","link":"https:\/\/leversens.com\/en\/habilidades-gerenciales\/","title":{"rendered":"Habilidades gerenciales"},"content":{"rendered":"<p>[et_pb_section fb_built=\u00bb1&#8243; _builder_version=\u00bb3.26.5&#8243; background_color=\u00bbrgba(0,0,0,0.84)\u00bb background_image=\u00bbhttps:\/\/leversens.com\/wp-content\/uploads\/2020\/05\/Dise\u00f1o-sin-t\u00edtulo-12.png\u00bb background_blend=\u00bboverlay\u00bb background_position=\u00bbtop_right\u00bb][et_pb_row column_structure=\u00bb3_5,2_5&#8243; _builder_version=\u00bb3.26.5&#8243;][et_pb_column type=\u00bb3_5&#8243; _builder_version=\u00bb3.26.5&#8243;][et_pb_text _builder_version=\u00bb3.26.5&#8243; header_text_color=\u00bb#000000&#8243; header_font_size=\u00bb50px\u00bb]<\/p>\n<h1><span style=\"color: #ffffff;\">Habilidades gerenciales de Teor\u00eda de restricciones\u00a0<\/span><\/h1>\n<p>[\/et_pb_text][et_pb_text _builder_version=\u00bb3.26.5&#8243;][\/et_pb_text][\/et_pb_column][et_pb_column type=\u00bb2_5&#8243; _builder_version=\u00bb3.26.5&#8243;][et_pb_cta title=\u00bbRealice su suscripci\u00f3n online \u00bb button_text=\u00bbReg\u00edstrese aqu\u00ed\u00bb _builder_version=\u00bb3.26.5&#8243; custom_button=\u00bbon\u00bb button_text_size=\u00bb18px\u00bb button_text_color=\u00bb#000000&#8243; button_bg_color=\u00bb#000000&#8243; button_border_width=\u00bb100px\u00bb button_border_color=\u00bb#000000&#8243; button_border_radius=\u00bb20px\u00bb button_letter_spacing=\u00bb28px\u00bb button_icon=\u00bb%%198%%\u00bb button_icon_color=\u00bb#000000&#8243; button_icon_placement=\u00bbleft\u00bb button_alignment=\u00bbcenter\u00bb custom_padding=\u00bb||40px|||\u00bb link_option_url=\u00bbhttps:\/\/leversens.com\/product\/la-maquina-de-ventas\/\u00bb]<\/p>\n<p><span>Si eres suscriptor de Virtual Pro o de las instituciones adscritas, solicita tu c\u00f3digo de descuento.<\/span><\/p>\n<p>[\/et_pb_cta][\/et_pb_column][\/et_pb_row][\/et_pb_section][et_pb_section fb_built=\u00bb1&#8243; _builder_version=\u00bb3.26.5&#8243;][et_pb_row column_structure=\u00bb2_3,1_3&#8243; custom_padding=\u00bb45px|||||\u00bb custom_margin=\u00bb2px|auto||auto||\u00bb _builder_version=\u00bb3.26.5&#8243;][et_pb_column type=\u00bb2_3&#8243; _builder_version=\u00bb3.26.5&#8243;][et_pb_text _builder_version=\u00bb3.26.5&#8243; text_font=\u00bbVerdana||||||||\u00bb text_font_size=\u00bb16px\u00bb header_font=\u00bbVerdana||||||||\u00bb custom_margin=\u00bb-20px|||||\u00bb custom_padding=\u00bb0px|||||\u00bb inline_fonts=\u00bbVerdana\u00bb]<\/p>\n<h1 style=\"text-align: justify;\"><span style=\"color: #000000;\">\u00bfPor qu\u00e9 es necesario? \u00a0<\/span><\/h1>\n<p style=\"text-align: justify;\"><span style=\"color: #000000;\">El liderazgo de una organizaci\u00f3n debe nacer del <strong>liderazgo personal<\/strong>. Vivir una vida significativa fue la meta que el Dr. Goldratt decidi\u00f3 tener. Para hacerlo, construy\u00f3 una serie de herramientas simples y robustas para que las personas que quisieran aplicarlas tambi\u00e9n lograran <strong>pensar como cient\u00edficos<\/strong> y alcanzar sus resultados. Este programa presentar\u00e1 las herramientas necesarias para que las personas puedan convertirse en l\u00edderes cient\u00edficos y tener una vida significativa.<\/span><\/p>\n<p>[\/et_pb_text][et_pb_text _builder_version=\u00bb3.26.5&#8243; text_font=\u00bbVerdana||||||||\u00bb text_font_size=\u00bb16px\u00bb header_font=\u00bbVerdana||||||||\u00bb header_font_size=\u00bb26px\u00bb custom_margin=\u00bb16px|||||\u00bb custom_padding=\u00bb0px|||||\u00bb inline_fonts=\u00bbVerdana\u00bb]<\/p>\n<h1 style=\"text-align: justify;\"><span color=\"#000000\" style=\"color: #000000;\">\u00bfA\u00a0qui\u00e9n\u00a0va dirigido?\u00a0\u00a0\u00a0<\/span><\/h1>\n<p style=\"text-align: justify;\"><span style=\"color: #000000;\">Profesionales de diferentes disciplinas participantes en:<\/span><\/p>\n<ul>\n<li style=\"text-align: justify;\"><span style=\"color: #000000;\">La toma de decisiones organizacionales.\u00a0<\/span><\/li>\n<li style=\"text-align: justify;\"><span color=\"#000000\" style=\"color: #000000;\"><span style=\"caret-color: #000000;\">Cargos administrativos.<\/span><\/span><\/li>\n<li style=\"text-align: justify;\"><span color=\"#000000\" style=\"color: #000000;\"><span style=\"caret-color: #000000;\">Direcci\u00f3n de grupos al interior de una compa\u00f1ia. \u00a0<\/span><\/span><\/li>\n<\/ul>\n<p style=\"text-align: justify;\"><span style=\"color: #000000;\"><\/span><\/p>\n<p>[\/et_pb_text][et_pb_text _builder_version=\u00bb3.26.5&#8243; text_font=\u00bbVerdana||||||||\u00bb text_font_size=\u00bb16px\u00bb header_font=\u00bbVerdana||||||||\u00bb header_font_size=\u00bb26px\u00bb custom_margin=\u00bb16px|||||\u00bb custom_padding=\u00bb0px|||||\u00bb inline_fonts=\u00bbVerdana\u00bb]<\/p>\n<h1 style=\"text-align: justify;\"><span color=\"#000000\" style=\"color: #000000;\">Bono especial\u00a0<\/span><\/h1>\n<ul>\n<li style=\"text-align: justify;\"><span color=\"#000000\" style=\"color: #000000;\"><span style=\"caret-color: #000000;\">Personas o empresas suscritas a virtual Pro: <strong>-20%<\/strong><\/span><\/span><\/li>\n<li style=\"text-align: justify;\"><span color=\"#000000\" style=\"color: #000000;\"><span style=\"caret-color: #000000;\">Personas o empresas sustrictas al Blog de Leversens: <strong>-10%<\/strong><\/span><\/span><\/li>\n<\/ul>\n<p style=\"text-align: justify;\"><span style=\"color: #000000;\"><\/span><\/p>\n<p>[\/et_pb_text][\/et_pb_column][et_pb_column type=\u00bb1_3&#8243; _builder_version=\u00bb3.26.5&#8243; background_color=\u00bb#ffffff\u00bb border_width_all=\u00bb2px\u00bb border_color_all=\u00bb#000000&#8243; box_shadow_style=\u00bbpreset3&#8243;][et_pb_text _builder_version=\u00bb3.26.5&#8243; border_color_all=\u00bb#000000&#8243; border_width_bottom=\u00bb1px\u00bb border_style_bottom=\u00bbdotted\u00bb custom_margin=\u00bb19px|||||\u00bb]<\/p>\n<h3 style=\"text-align: center;\">Caracter\u00edsiticas del programa<\/h3>\n<p>[\/et_pb_text][et_pb_blurb title=\u00bbInicio:         Disponible\u00bb use_icon=\u00bbon\u00bb font_icon=\u00bb%%130%%\u00bb use_circle=\u00bbon\u00bb circle_color=\u00bb#e8e8e8&#8243; icon_placement=\u00bbleft\u00bb use_icon_font_size=\u00bbon\u00bb icon_font_size=\u00bb15px\u00bb _builder_version=\u00bb3.26.5&#8243; header_text_align=\u00bbcenter\u00bb header_text_color=\u00bb#000000&#8243; header_line_height=\u00bb2.3em\u00bb text_orientation=\u00bbcenter\u00bb custom_margin=\u00bb||-11px|||\u00bb custom_padding=\u00bb||0px|||\u00bb][\/et_pb_blurb][et_pb_blurb title=\u00bbModalidad:     Online\u00bb use_icon=\u00bbon\u00bb font_icon=\u00bb%%107%%\u00bb use_circle=\u00bbon\u00bb circle_color=\u00bb#e8e8e8&#8243; icon_placement=\u00bbleft\u00bb use_icon_font_size=\u00bbon\u00bb icon_font_size=\u00bb16px\u00bb _builder_version=\u00bb3.26.5&#8243; header_text_color=\u00bb#000000&#8243; header_line_height=\u00bb2.3em\u00bb custom_margin=\u00bb||-9px|||\u00bb custom_padding=\u00bb||0px|||\u00bb][\/et_pb_blurb][et_pb_blurb title=\u00bbDuraci\u00f3n:     21 Horas\u00bb use_icon=\u00bbon\u00bb font_icon=\u00bb%%167%%\u00bb use_circle=\u00bbon\u00bb circle_color=\u00bb#e8e8e8&#8243; icon_placement=\u00bbleft\u00bb use_icon_font_size=\u00bbon\u00bb icon_font_size=\u00bb16px\u00bb _builder_version=\u00bb3.26.5&#8243; header_text_color=\u00bb#000000&#8243; header_line_height=\u00bb2.3em\u00bb border_color_all=\u00bb#000000&#8243; custom_margin=\u00bb||-9px|||\u00bb][\/et_pb_blurb][et_pb_cta button_url=\u00bbhttps:\/\/leversens.com\/product\/habilidades-gerenciales\/\u00bb button_text=\u00bbInscribirse al curso\u00bb _builder_version=\u00bb3.26.5&#8243; header_text_color=\u00bb#000000&#8243; body_font=\u00bbVerdana||||||||\u00bb body_text_color=\u00bb#000000&#8243; body_line_height=\u00bb0.3em\u00bb background_color=\u00bb#f4f4f4&#8243; border_width_all=\u00bb1px\u00bb border_color_all=\u00bb#d8d8d8&#8243; custom_button=\u00bbon\u00bb button_text_size=\u00bb22px\u00bb button_text_color=\u00bb#ffffff\u00bb button_bg_color=\u00bb#e77817&#8243; button_border_width=\u00bb2px\u00bb button_border_radius=\u00bb14px\u00bb button_font=\u00bbVerdana||||||||\u00bb box_shadow_style=\u00bbpreset2&#8243; width=\u00bb100%\u00bb min_height=\u00bb114px\u00bb custom_margin=\u00bb33px|0px|50px|0px||true\u00bb custom_padding=\u00bb18px|0px|0px|10px||\u00bb inline_fonts=\u00bbVerdana\u00bb]<\/p>\n<p style=\"text-align: left;\"><span style=\"text-decoration: line-through; font-family: Verdana; font-weight: normal; font-size: large; color: #333333;\">USD$150\u00a0<\/span><\/p>\n<p style=\"text-align: center;\"><span style=\"font-size: x-large; font-family: Verdana; font-weight: normal;\">USD$100<\/span><\/p>\n<p>[\/et_pb_cta][et_pb_cta button_url=\u00bbhttps:\/\/leversens.com\/blog\/\u00bb button_text=\u00bbSuscribirse\u00bb _builder_version=\u00bb3.26.5&#8243; header_text_color=\u00bb#000000&#8243; body_font=\u00bbVerdana||||||||\u00bb body_text_color=\u00bb#000000&#8243; body_font_size=\u00bb18px\u00bb background_enable_color=\u00bboff\u00bb border_width_all=\u00bb1px\u00bb border_color_all=\u00bb#d8d8d8&#8243; custom_button=\u00bbon\u00bb button_text_size=\u00bb22px\u00bb button_text_color=\u00bb#000000&#8243; button_bg_color=\u00bbrgba(231,120,23,0.19)\u00bb button_border_width=\u00bb2px\u00bb button_border_radius=\u00bb14px\u00bb button_font=\u00bbVerdana||||||||\u00bb width=\u00bb100%\u00bb min_height=\u00bb114px\u00bb custom_margin=\u00bb33px|0px|50px|0px||true\u00bb custom_padding=\u00bb18px|0px|0px|10px||\u00bb inline_fonts=\u00bbVerdana\u00bb]<\/p>\n<p><strong>Blog Leversens<\/strong>: ToC, Desarrollo empresarial y personal.<\/p>\n<p>[\/et_pb_cta][\/et_pb_column][\/et_pb_row][et_pb_row custom_padding=\u00bb0px||0px|||\u00bb _builder_version=\u00bb3.26.5&#8243;][et_pb_column type=\u00bb4_4&#8243; _builder_version=\u00bb3.26.5&#8243;][et_pb_text _builder_version=\u00bb3.26.5&#8243; text_font=\u00bb||||||||\u00bb text_font_size=\u00bb18px\u00bb text_line_height=\u00bb2em\u00bb header_font=\u00bbVerdana|800|||||||\u00bb header_text_color=\u00bb#e77817&#8243; header_font_size=\u00bb40px\u00bb header_line_height=\u00bb1.3em\u00bb max_width=\u00bb600px\u00bb module_alignment=\u00bbcenter\u00bb custom_margin=\u00bb|||-8px||\u00bb custom_padding=\u00bb|0px|0px|||\u00bb text_font_size_phone=\u00bb15px\u00bb text_font_size_last_edited=\u00bbon|phone\u00bb text_line_height_phone=\u00bb1.6em\u00bb text_line_height_last_edited=\u00bbon|phone\u00bb header_font_size_tablet=\u00bb50px\u00bb header_font_size_phone=\u00bb32px\u00bb header_font_size_last_edited=\u00bbon|phone\u00bb inline_fonts=\u00bbVerdana\u00bb]<\/p>\n<h1 style=\"text-align: center;\"><span style=\"color: #000000;\">Beneficios<\/span><\/h1>\n<p>[\/et_pb_text][\/et_pb_column][\/et_pb_row][et_pb_row column_structure=\u00bb1_4,1_4,1_4,1_4&#8243; _builder_version=\u00bb3.26.5&#8243;][et_pb_column type=\u00bb1_4&#8243; _builder_version=\u00bb3.26.5&#8243;][et_pb_text _builder_version=\u00bb3.26.5&#8243; text_font=\u00bbVerdana||||||||\u00bb text_font_size=\u00bb16px\u00bb header_font=\u00bbVerdana||||||||\u00bb header_font_size=\u00bb26px\u00bb custom_margin=\u00bb16px|||||\u00bb custom_padding=\u00bb0px|||||\u00bb inline_fonts=\u00bbVerdana\u00bb]<\/p>\n<h1 style=\"text-align: center;\"><span color=\"#000000\" style=\"color: #000000;\">Seguimiento personalizado.\u00a0<\/span><\/h1>\n<p style=\"text-align: justify;\"><span style=\"color: #000000;\"><\/span><\/p>\n<p>[\/et_pb_text][\/et_pb_column][et_pb_column type=\u00bb1_4&#8243; _builder_version=\u00bb3.26.5&#8243;][et_pb_text _builder_version=\u00bb3.26.5&#8243; text_font=\u00bbVerdana||||||||\u00bb text_font_size=\u00bb16px\u00bb header_font=\u00bbVerdana||||||||\u00bb header_font_size=\u00bb26px\u00bb custom_margin=\u00bb16px|||||\u00bb custom_padding=\u00bb0px|||||\u00bb inline_fonts=\u00bbVerdana\u00bb]<\/p>\n<h1 style=\"text-align: center;\"><span color=\"#000000\" style=\"color: #000000;\">Material exclusivo descargable.<\/span><\/h1>\n<p style=\"text-align: justify;\"><span style=\"color: #000000;\"><\/span><\/p>\n<p>[\/et_pb_text][\/et_pb_column][et_pb_column type=\u00bb1_4&#8243; _builder_version=\u00bb3.26.5&#8243;][et_pb_text _builder_version=\u00bb3.26.5&#8243; text_font=\u00bbVerdana||||||||\u00bb text_font_size=\u00bb16px\u00bb header_font=\u00bbVerdana||||||||\u00bb header_font_size=\u00bb26px\u00bb custom_margin=\u00bb16px|||||\u00bb custom_padding=\u00bb0px|||||\u00bb inline_fonts=\u00bbVerdana\u00bb]<\/p>\n<h1 style=\"text-align: center;\"><span color=\"#000000\" style=\"color: #000000;\">Certificado del programa.<\/span><\/h1>\n<p>&nbsp;<\/p>\n<p style=\"text-align: justify;\"><span style=\"color: #000000;\"><\/span><\/p>\n<p>[\/et_pb_text][\/et_pb_column][et_pb_column type=\u00bb1_4&#8243; _builder_version=\u00bb3.26.5&#8243;][et_pb_text _builder_version=\u00bb3.26.5&#8243; text_font=\u00bbVerdana||||||||\u00bb text_font_size=\u00bb16px\u00bb header_font=\u00bbVerdana||||||||\u00bb header_font_size=\u00bb26px\u00bb custom_margin=\u00bb16px|||||\u00bb custom_padding=\u00bb0px|||||\u00bb inline_fonts=\u00bbVerdana\u00bb]<\/p>\n<h1 style=\"text-align: center;\"><span color=\"#000000\" style=\"color: #000000;\">Videos Pregrabados.<\/span><\/h1>\n<p>&nbsp;<\/p>\n<p style=\"text-align: justify;\"><span style=\"color: #000000;\"><\/span><\/p>\n<p>[\/et_pb_text][\/et_pb_column][\/et_pb_row][et_pb_row custom_padding=\u00bb37px||0px|||\u00bb _builder_version=\u00bb3.26.5&#8243;][et_pb_column type=\u00bb4_4&#8243; _builder_version=\u00bb3.26.5&#8243;][et_pb_text _builder_version=\u00bb3.26.5&#8243; text_font=\u00bb||||||||\u00bb text_font_size=\u00bb18px\u00bb text_line_height=\u00bb2em\u00bb header_font=\u00bbVerdana|800|||||||\u00bb header_text_color=\u00bb#e77817&#8243; header_font_size=\u00bb40px\u00bb header_line_height=\u00bb1.3em\u00bb max_width=\u00bb600px\u00bb module_alignment=\u00bbcenter\u00bb custom_margin=\u00bb|||-8px||\u00bb custom_padding=\u00bb|0px|0px|||\u00bb text_font_size_phone=\u00bb15px\u00bb text_font_size_last_edited=\u00bbon|phone\u00bb text_line_height_phone=\u00bb1.6em\u00bb text_line_height_last_edited=\u00bbon|phone\u00bb header_font_size_tablet=\u00bb50px\u00bb header_font_size_phone=\u00bb32px\u00bb header_font_size_last_edited=\u00bbon|phone\u00bb inline_fonts=\u00bbVerdana\u00bb]<\/p>\n<h1 style=\"text-align: center;\"><span style=\"color: #000000;\">M\u00f3dulos\u00a0<\/span><\/h1>\n<p>[\/et_pb_text][\/et_pb_column][\/et_pb_row][et_pb_row _builder_version=\u00bb3.26.5&#8243;][et_pb_column type=\u00bb4_4&#8243; _builder_version=\u00bb3.26.5&#8243;][et_pb_toggle title=\u00bbM\u00d3DULO 1: Los 4 pilares del liderazgo cient\u00edfico.\u00bb open_toggle_text_color=\u00bb#000000&#8243; _builder_version=\u00bb3.26.5&#8243; title_text_color=\u00bb#000000&#8243; title_font_size=\u00bb19px\u00bb body_font_size=\u00bb16px\u00bb]<\/p>\n<p><span style=\"color: #000000;\"><strong>Objetivo:\u00a0<\/strong><\/span>Reconocer en los pilares de la Teor\u00eda de Restricciones la manera de utilizar las habilidades gerenciales necesarias y suficientes para liderar un cambio organizacional.<\/p>\n<p><span style=\"font-size: 16px; color: #000000;\"><strong>Contenido:\u00a0<\/strong><\/span>Utilizar el marco de referencia del libro \u201cLa Decisi\u00f3n\u201d como gu\u00eda en el entendimiento y b\u00fasqueda de la vida significativa seg\u00fan el Dr. Goldratt, creador de la Teor\u00eda de Restricciones.<\/p>\n<p>Una vida plena se logra con la sumatoria de resultados positivos obtenidos. En la b\u00fasqueda de esos resultados se deben tener herramientas para superar los obst\u00e1culos y asumir los no logros como un proceso de ensayo y error. Esas son las caracter\u00edsticas de un cient\u00edfico y del pensamiento cr\u00edtico que Goldratt invita a seguir y que cubriremos en este m\u00f3dulo.<\/p>\n<p>[\/et_pb_toggle][et_pb_toggle title=\u00bbM\u00d3DULO 2: Interviniendo la realidad.\u00bb open_toggle_text_color=\u00bb#000000&#8243; _builder_version=\u00bb3.26.5&#8243; title_text_color=\u00bb#000000&#8243; title_font_size=\u00bb19px\u00bb body_font_size=\u00bb16px\u00bb]<\/p>\n<p><span style=\"color: #000000;\"><strong>Objetivo:\u00a0<\/strong><\/span>Definir los pasos necesarios para tomar acciones que transformen la realidad.<\/p>\n<p><span style=\"color: #000000;\"><strong>Contenido:<\/strong>\u00a0<\/span>Identificar una idea de ruptura es el primer paso, la persuasi\u00f3n ejecuci\u00f3n y logro son los verdaderos retos. En este m\u00f3dulo se presentar\u00e1 la manera de construir un proyecto con base en objetivos intermedios y objetivos ambiciosos, as\u00ed como la manera de persuadir a las partes interesadas.<\/p>\n<p><span style=\"font-size: 16px;\">En este m\u00f3dulo se presenta la direcci\u00f3n de la soluci\u00f3n. Construir un proyecto de alto impacto que sea lo suficientemente claro y alcanzable es la base de cualquier \u00e9xito. As\u00ed mismo, el tener en cuenta a todos los actores relevantes y hacer una persuasi\u00f3n adecuada es la manera adecuada de implementarlo. Este m\u00f3dulo presentar\u00e1 dichos elementos.<\/span><\/p>\n<p>[\/et_pb_toggle][et_pb_toggle title=\u00bbM\u00d3DULO 3: Prueba de conceptos blindada.\u00bb open_toggle_text_color=\u00bb#000000&#8243; _builder_version=\u00bb3.26.5&#8243; title_text_color=\u00bb#000000&#8243; title_font_size=\u00bb19px\u00bb body_font_size=\u00bb16px\u00bb]<\/p>\n<p><span style=\"color: #000000;\"><strong>Objetivo:<\/strong> <\/span>Desarrollar los elementos para proponer una Prueba de Conceptos y los elementos que la protejan para su efectiva realizaci\u00f3n.<\/p>\n<p><span style=\"color: #000000;\"><strong>Contenido:\u00a0<\/strong><\/span>Desarrollar una prueba de conceptos y analizar las posibles consecuencias negativas desde cualquier actor relacionado para ajustar la planeaci\u00f3n y desarrollo.<\/p>\n<p><span style=\"font-size: 16px;\">La prueba de conceptos es la evaluaci\u00f3n final de un l\u00edder cient\u00edfico. Explica los fen\u00f3menos actuales y predice los resultados a obtener debido a las acciones tomadas. Mediante el desarrollo de esta prueba de conceptos, lo asistentes presentar\u00e1n su l\u00f3gica y la manera de sustentarla a un equipo de trabajo para su potencial ejecuci\u00f3n.<\/span><\/p>\n<p>[\/et_pb_toggle][\/et_pb_column][\/et_pb_row][et_pb_row custom_padding=\u00bb0px||0px|||\u00bb _builder_version=\u00bb3.26.5&#8243;][et_pb_column type=\u00bb4_4&#8243; _builder_version=\u00bb3.26.5&#8243;][et_pb_text _builder_version=\u00bb3.26.5&#8243; text_font=\u00bb||||||||\u00bb text_font_size=\u00bb18px\u00bb text_line_height=\u00bb2em\u00bb header_font=\u00bbVerdana|800|||||||\u00bb header_text_color=\u00bb#e77817&#8243; header_font_size=\u00bb40px\u00bb header_line_height=\u00bb1.3em\u00bb max_width=\u00bb600px\u00bb module_alignment=\u00bbcenter\u00bb custom_margin=\u00bb|||-8px||\u00bb custom_padding=\u00bb|0px|0px|||\u00bb text_font_size_phone=\u00bb15px\u00bb text_font_size_last_edited=\u00bbon|phone\u00bb text_line_height_phone=\u00bb1.6em\u00bb text_line_height_last_edited=\u00bbon|phone\u00bb header_font_size_tablet=\u00bb50px\u00bb header_font_size_phone=\u00bb32px\u00bb header_font_size_last_edited=\u00bbon|phone\u00bb inline_fonts=\u00bbVerdana\u00bb]<\/p>\n<h1 style=\"text-align: center;\"><span style=\"color: #000000;\">Objetivos<\/span><\/h1>\n<p>[\/et_pb_text][\/et_pb_column][\/et_pb_row][\/et_pb_section][et_pb_section fb_built=\u00bb1&#8243; specialty=\u00bbon\u00bb next_background_color=\u00bb#000000&#8243; _builder_version=\u00bb3.26.5&#8243; custom_margin=\u00bb-45px|||||\u00bb custom_padding=\u00bb3px|||||\u00bb bottom_divider_style=\u00bbslant2&#8243;][et_pb_column type=\u00bb1_3&#8243; _builder_version=\u00bb3.25&#8243; custom_padding=\u00bb|||\u00bb custom_padding__hover=\u00bb|||\u00bb][et_pb_text _builder_version=\u00bb3.26.5&#8243; text_font=\u00bbVerdana||||||||\u00bb header_font=\u00bbVerdana||||||||\u00bb border_width_all=\u00bb3px\u00bb border_style_all=\u00bbdouble\u00bb custom_margin=\u00bb-29px||18px|||\u00bb custom_padding=\u00bb||0px|||\u00bb inline_fonts=\u00bbVerdana\u00bb]<\/p>\n<h1 style=\"text-align: center;\"><span style=\"color: #000000;\">General<\/span><\/h1>\n<p>[\/et_pb_text][et_pb_text _builder_version=\u00bb3.26.5&#8243; text_font=\u00bbVerdana||||||||\u00bb text_font_size=\u00bb19px\u00bb header_font=\u00bbVerdana||||||||\u00bb custom_margin=\u00bb50px|||||\u00bb custom_padding=\u00bb|2px||||\u00bb inline_fonts=\u00bbVerdana\u00bb]<\/p>\n<p style=\"text-align: justify;\"><span style=\"color: #000000;\">Identificar las herramientas necesarias para ser un l\u00edder de alto impacto personal y organizacional.\u00a0<\/span><\/p>\n<p>[\/et_pb_text][\/et_pb_column][et_pb_column type=\u00bb2_3&#8243; specialty_columns=\u00bb2&#8243; _builder_version=\u00bb3.25&#8243; custom_padding=\u00bb|||\u00bb custom_padding__hover=\u00bb|||\u00bb][et_pb_row_inner custom_padding=\u00bb||0px|||\u00bb _builder_version=\u00bb3.26.5&#8243; border_width_all=\u00bb3px\u00bb border_style_all=\u00bbdouble\u00bb border_width_bottom=\u00bb3px\u00bb border_width_left=\u00bb3px\u00bb border_color_left=\u00bb#4f4f4f\u00bb][et_pb_column_inner saved_specialty_column_type=\u00bb1_2&#8243; _builder_version=\u00bb3.26.5&#8243;][et_pb_text _builder_version=\u00bb3.26.5&#8243; text_font=\u00bbVerdana||||||||\u00bb header_font=\u00bbVerdana||||||||\u00bb custom_margin=\u00bb-46px|||||\u00bb custom_padding=\u00bb14px|||||\u00bb inline_fonts=\u00bbVerdana\u00bb]<\/p>\n<h1 style=\"text-align: center;\"><span style=\"color: #000000;\">Espec\u00edficos<\/span><\/h1>\n<p>[\/et_pb_text][\/et_pb_column_inner][\/et_pb_row_inner][et_pb_row_inner column_structure=\u00bb1_2,1_2&#8243; custom_padding=\u00bb53px|||||\u00bb _builder_version=\u00bb3.26.5&#8243; background_enable_color=\u00bboff\u00bb border_style_all=\u00bbdouble\u00bb border_width_right=\u00bb3px\u00bb border_width_left=\u00bb3px\u00bb border_color_left=\u00bb#4f4f4f\u00bb custom_margin=\u00bb||59px|||\u00bb][et_pb_column_inner type=\u00bb1_2&#8243; saved_specialty_column_type=\u00bb2_3&#8243; _builder_version=\u00bb3.26.5&#8243; background_color=\u00bbrgba(214,214,214,0)\u00bb][et_pb_text _builder_version=\u00bb3.26.5&#8243; text_font=\u00bbVerdana||||||||\u00bb text_font_size=\u00bb16px\u00bb header_font=\u00bbVerdana||||||||\u00bb animation_style=\u00bbfade\u00bb inline_fonts=\u00bbVerdana\u00bb]<\/p>\n<p style=\"text-align: justify;\"><span style=\"color: #000000;\">1.\u00a0<\/span><span style=\"color: #000000; font-size: 16px; text-align: left;\">Desarrollar la habilidad para resolver conflictos utilizando el proceso de evaporaci\u00f3n de la nube.<\/span><\/p>\n<p>[\/et_pb_text][\/et_pb_column_inner][et_pb_column_inner type=\u00bb1_2&#8243; saved_specialty_column_type=\u00bb2_3&#8243; _builder_version=\u00bb3.26.5&#8243;][et_pb_text _builder_version=\u00bb3.26.5&#8243; text_font=\u00bbVerdana||||||||\u00bb text_font_size=\u00bb16px\u00bb header_font=\u00bbVerdana||||||||\u00bb inline_fonts=\u00bbVerdana\u00bb]<\/p>\n<p style=\"text-align: justify;\"><span style=\"color: #000000;\">2.\u00a0<\/span><span style=\"font-size: 16px; text-align: left; color: #000000;\">Construir mapas causa \u2013 efecto para diagnosticar la complejidad de cualquier organizaci\u00f3n<\/span><span style=\"font-size: 16px; text-align: left;\">.<\/span><\/p>\n<p style=\"text-align: justify;\"><span style=\"color: #000000;\"><\/span><\/p>\n<p>[\/et_pb_text][\/et_pb_column_inner][\/et_pb_row_inner][et_pb_row_inner column_structure=\u00bb1_3,1_3,1_3&#8243; custom_padding=\u00bb0px||6px|||\u00bb _builder_version=\u00bb3.26.5&#8243; background_enable_color=\u00bboff\u00bb border_width_right=\u00bb3px\u00bb border_style_right=\u00bbdouble\u00bb border_width_left=\u00bb3px\u00bb border_color_left=\u00bb#333333#4f4f4f\u00bb border_style_left=\u00bbdouble\u00bb custom_margin=\u00bb-60px|||||\u00bb][et_pb_column_inner type=\u00bb1_3&#8243; saved_specialty_column_type=\u00bb2_3&#8243; _builder_version=\u00bb3.26.5&#8243;][et_pb_text _builder_version=\u00bb3.26.5&#8243; text_font=\u00bbVerdana||||||||\u00bb text_font_size=\u00bb15px\u00bb header_font=\u00bbVerdana||||||||\u00bb inline_fonts=\u00bbVerdana\u00bb]<\/p>\n<p style=\"text-align: justify;\"><span style=\"color: #000000;\">3.\u00a0<\/span><span style=\"color: #000000; font-size: 15px; text-align: left;\">Construir la matriz de cambio y enfocar su aplicaci\u00f3n en un caso real.<\/span><\/p>\n<p>[\/et_pb_text][\/et_pb_column_inner][et_pb_column_inner type=\u00bb1_3&#8243; saved_specialty_column_type=\u00bb2_3&#8243; _builder_version=\u00bb3.26.5&#8243;][et_pb_text _builder_version=\u00bb3.26.5&#8243; text_font=\u00bbVerdana||||||||\u00bb text_font_size=\u00bb16px\u00bb header_font=\u00bbVerdana||||||||\u00bb inline_fonts=\u00bbVerdana\u00bb]<\/p>\n<p style=\"text-align: justify;\"><span style=\"color: #000000;\">4. <\/span><span style=\"color: #000000; font-size: 16px; text-align: left;\">Desarrollar un plan de proyecto con base en objetivos intermedios.<\/span><\/p>\n<p>[\/et_pb_text][\/et_pb_column_inner][et_pb_column_inner type=\u00bb1_3&#8243; saved_specialty_column_type=\u00bb2_3&#8243; _builder_version=\u00bb3.26.5&#8243;][et_pb_text _builder_version=\u00bb3.26.5&#8243; text_font=\u00bbVerdana||||||||\u00bb text_font_size=\u00bb15px\u00bb header_font=\u00bbVerdana||||||||\u00bb inline_fonts=\u00bbVerdana\u00bb]<\/p>\n<p style=\"text-align: justify;\"><span style=\"color: #000000;\">5.\u00a0<\/span><span style=\"color: #000000;\">Planear una prueba de conceptos con base en los principios causales presentados.<\/span><\/p>\n<p>[\/et_pb_text][\/et_pb_column_inner][\/et_pb_row_inner][\/et_pb_column][\/et_pb_section][et_pb_section fb_built=\u00bb1&#8243; admin_label=\u00bbTestimonials\u00bb _builder_version=\u00bb3.22&#8243; custom_padding=\u00bb0px||17px|||\u00bb locked=\u00bboff\u00bb][et_pb_row _builder_version=\u00bb3.25&#8243;][et_pb_column type=\u00bb4_4&#8243; _builder_version=\u00bb3.25&#8243; custom_padding=\u00bb|||\u00bb custom_padding__hover=\u00bb|||\u00bb][et_pb_text _builder_version=\u00bb3.26.5&#8243; text_font=\u00bb||||||||\u00bb text_font_size=\u00bb18px\u00bb text_line_height=\u00bb2em\u00bb header_font=\u00bbVerdana|800|||||||\u00bb header_text_color=\u00bb#e77817&#8243; header_font_size=\u00bb40px\u00bb header_line_height=\u00bb1.3em\u00bb max_width=\u00bb600px\u00bb module_alignment=\u00bbcenter\u00bb custom_margin=\u00bb|||-8px||\u00bb custom_padding=\u00bb|0px|0px|||\u00bb text_font_size_phone=\u00bb15px\u00bb text_font_size_last_edited=\u00bbon|phone\u00bb text_line_height_phone=\u00bb1.6em\u00bb text_line_height_last_edited=\u00bbon|phone\u00bb header_font_size_tablet=\u00bb50px\u00bb header_font_size_phone=\u00bb32px\u00bb header_font_size_last_edited=\u00bbon|phone\u00bb inline_fonts=\u00bbVerdana\u00bb]<\/p>\n<h1 style=\"text-align: center;\"><span style=\"color: #000000;\">Acerca del facilitador<\/span><\/h1>\n<p>[\/et_pb_text][\/et_pb_column][\/et_pb_row][et_pb_row column_structure=\u00bb2_5,3_5&#8243; _builder_version=\u00bb3.26.3&#8243;][et_pb_column type=\u00bb2_5&#8243; _builder_version=\u00bb3.26.3&#8243;][et_pb_image src=\u00bbhttps:\/\/leversens.com\/wp-content\/uploads\/2019\/04\/Hector-1.jpeg\u00bb _builder_version=\u00bb3.26.3&#8243;][\/et_pb_image][\/et_pb_column][et_pb_column type=\u00bb3_5&#8243; _builder_version=\u00bb3.26.3&#8243;][et_pb_text _builder_version=\u00bb3.26.5&#8243; text_font=\u00bbVerdana||||||||\u00bb header_font=\u00bbVerdana||||||||\u00bb inline_fonts=\u00bbVerdana\u00bb]<\/p>\n<h1 style=\"text-align: justify;\"><span style=\"font-family: Verdana; font-weight: normal; font-size: large;\">H\u00e9ctor Miguel P\u00e1ez\u00a0<\/span><br \/> <span style=\"font-size: large; font-family: Verdana; font-weight: normal;\">CEO Leversens<\/span><\/h1>\n<p style=\"text-align: justify;\"><span><\/span><\/p>\n<p style=\"text-align: justify;\"><span style=\"color: #000000;\">Socio fundador de Leversens. Ingeniero Industrial de la Universidad de Am\u00e9rica, Certificado en planeaci\u00f3n y estrategia log\u00edstica ILT, UK. Estudios avanzados de negociaci\u00f3n TANDEM. Diplomado en log\u00edstica CESA. Experto de Aplicaci\u00f3n en Log\u00edstica (Operaciones y Distribuci\u00f3n) certificado por TOCICO, Aplication Expert de Goldratt Consulting. Fue Director de Mercado y Director de Proyectos de Goldratt Consulting para la regi\u00f3n Latam. por 4 a\u00f1os. Por 2 a\u00f1os fue Director de Proyectos de Expertos TOC Consultores. Trabaj\u00f3 5 a\u00f1os en el Instituto Colombiano de Codificaci\u00f3n y Automatizaci\u00f3n Comercial IAC, hoy GS1 Colombia (LOGyCA), en \u00e1reas de capacitaci\u00f3n, consultor\u00eda e investigaci\u00f3n y desarrollo.<\/span><\/p>\n<p style=\"text-align: justify;\"><span style=\"color: #000000;\">Ha trabajado en el sector productivo como Coordinador Nacional de Empaques para Conalvidrios, en donde su responsabilidad se centraba en la gerencia y mejoramiento de los recursos de empaque y embalaje a nivel nacional.Ha participado como conferencista en diferentes postgrados de las siguientes universidades: ICESI, Universidad Javeriana, Universidad del Externado, Universidad del Roario, entre otras.\u00a0\u00a0Actualmente es profesor de la Maestr\u00eda en Gerencia de Operaciones de la Universidad de la Sabana.<\/span><\/p>\n<p>[\/et_pb_text][\/et_pb_column][\/et_pb_row][\/et_pb_section][et_pb_section fb_built=\u00bb1&#8243; _builder_version=\u00bb3.26.5&#8243;][et_pb_row _builder_version=\u00bb3.26.5&#8243;][et_pb_column type=\u00bb4_4&#8243; _builder_version=\u00bb3.26.5&#8243;][et_pb_text _builder_version=\u00bb3.26.5&#8243; text_font=\u00bb||||||||\u00bb text_font_size=\u00bb18px\u00bb text_line_height=\u00bb2em\u00bb header_font=\u00bbVerdana|800|||||||\u00bb header_text_color=\u00bb#e77817&#8243; header_font_size=\u00bb40px\u00bb header_line_height=\u00bb1.3em\u00bb max_width=\u00bb600px\u00bb module_alignment=\u00bbcenter\u00bb custom_margin=\u00bb|||-8px||\u00bb custom_padding=\u00bb|0px|0px|||\u00bb text_font_size_phone=\u00bb15px\u00bb text_font_size_last_edited=\u00bbon|phone\u00bb text_line_height_phone=\u00bb1.6em\u00bb text_line_height_last_edited=\u00bbon|phone\u00bb header_font_size_tablet=\u00bb50px\u00bb header_font_size_phone=\u00bb32px\u00bb header_font_size_last_edited=\u00bbon|phone\u00bb inline_fonts=\u00bbVerdana\u00bb]<\/p>\n<h1 style=\"text-align: center;\"><span style=\"color: #000000;\">Aliados<\/span><\/h1>\n<p>[\/et_pb_text][\/et_pb_column][\/et_pb_row][et_pb_row column_structure=\u00bb1_4,1_4,1_4,1_4&#8243; _builder_version=\u00bb3.26.5&#8243;][et_pb_column type=\u00bb1_4&#8243; _builder_version=\u00bb3.26.5&#8243;][et_pb_image src=\u00bbhttps:\/\/leversens.com\/wp-content\/uploads\/2020\/05\/Captura-de-Pantalla-2020-05-11-a-las-18.28.29.png\u00bb _builder_version=\u00bb3.26.5&#8243;][\/et_pb_image][\/et_pb_column][et_pb_column type=\u00bb1_4&#8243; _builder_version=\u00bb3.26.5&#8243;][et_pb_image src=\u00bbhttps:\/\/leversens.com\/wp-content\/uploads\/2020\/05\/Captura-de-Pantalla-2020-05-11-a-las-18.26.58.png\u00bb _builder_version=\u00bb3.26.5&#8243;][\/et_pb_image][\/et_pb_column][et_pb_column type=\u00bb1_4&#8243; _builder_version=\u00bb3.26.5&#8243;][et_pb_image src=\u00bbhttps:\/\/leversens.com\/wp-content\/uploads\/2019\/04\/being.png\u00bb _builder_version=\u00bb3.26.5&#8243;][\/et_pb_image][\/et_pb_column][et_pb_column type=\u00bb1_4&#8243; _builder_version=\u00bb3.26.5&#8243;][et_pb_image src=\u00bbhttps:\/\/leversens.com\/wp-content\/uploads\/2020\/05\/icesi.png\u00bb _builder_version=\u00bb3.26.5&#8243; custom_margin=\u00bb-26px||||false|false\u00bb][\/et_pb_image][\/et_pb_column][\/et_pb_row][\/et_pb_section][et_pb_section fb_built=\u00bb1&#8243; module_id=\u00bbformulario\u00bb _builder_version=\u00bb3.26.3&#8243; background_image=\u00bbhttps:\/\/leversens.com\/wp-content\/uploads\/2019\/04\/pie-de-pagina.jpg\u00bb parallax=\u00bbon\u00bb custom_padding=\u00bb0|0|8px|0px|false|false\u00bb global_module=\u00bb2182&#8243;][et_pb_row column_structure=\u00bb1_2,1_2&#8243; custom_padding=\u00bb86px|0px|22.1875px|0px|false|false\u00bb module_id=\u00bbcurso\u00bb _builder_version=\u00bb3.25&#8243;][et_pb_column type=\u00bb1_2&#8243; _builder_version=\u00bb3.25&#8243; custom_padding=\u00bb|||\u00bb custom_padding__hover=\u00bb|||\u00bb][et_pb_contact_form email=\u00bbDeisytorres@leversens.com\u00bb title=\u00bbCont\u00e1ctenos\u00bb custom_message=\u00bbMensaje enviado desde el formulario de %22cursos%22pagina web leversens.com||et_pb_line_break_holder||Nombre:  %%Name%%||et_pb_line_break_holder||Correo:  %%Email%%||et_pb_line_break_holder||Tel\u00e9fono:  %%Cel%%||et_pb_line_break_holder||Empresa: %%Empresa%%||et_pb_line_break_holder||Mensaje: %%Message%%\u00bb submit_button_text=\u00bbEnv\u00edar \u00bb module_id=\u00bbRegistro\u00bb _builder_version=\u00bb3.26.5&#8243; form_field_background_color=\u00bb#FFFFFF\u00bb title_font=\u00bb||||||||\u00bb title_text_color=\u00bb#000000&#8243; form_field_font=\u00bb||||||||\u00bb background_color=\u00bbrgba(84,84,84,0)\u00bb use_background_color_gradient=\u00bbon\u00bb background_color_gradient_start=\u00bbrgba(255,255,255,0.42)\u00bb background_color_gradient_end=\u00bb#ffffff\u00bb background_color_gradient_direction=\u00bb146deg\u00bb background_color_gradient_start_position=\u00bb39%\u00bb background_color_gradient_overlays_image=\u00bbon\u00bb border_color_all=\u00bb#E09900&#8243; custom_button=\u00bbon\u00bb button_text_size=\u00bb20px\u00bb button_text_color=\u00bb#FFFFFF\u00bb button_bg_color=\u00bb#e77817&#8243; button_border_width=\u00bb2px\u00bb button_border_color=\u00bb#FFFFFF\u00bb button_border_radius=\u00bb20px\u00bb button_letter_spacing=\u00bb1px\u00bb button_font=\u00bb||||||||\u00bb button_icon_color=\u00bb#FFFFFF\u00bb form_background_color=\u00bb#FFFFFF\u00bb button_text_color_hover=\u00bb#000000&#8243; button_border_color_hover=\u00bb#FFFFFF\u00bb][et_pb_contact_field field_id=\u00bbName\u00bb field_title=\u00bbNombre\u00bb _builder_version=\u00bb3.16&#8243; border_radii=\u00bbon|20px|20px|20px|20px\u00bb button_text_size__hover_enabled=\u00bboff\u00bb button_one_text_size__hover_enabled=\u00bboff\u00bb button_two_text_size__hover_enabled=\u00bboff\u00bb button_text_color__hover_enabled=\u00bboff\u00bb button_one_text_color__hover_enabled=\u00bboff\u00bb button_two_text_color__hover_enabled=\u00bboff\u00bb button_border_width__hover_enabled=\u00bboff\u00bb button_one_border_width__hover_enabled=\u00bboff\u00bb button_two_border_width__hover_enabled=\u00bboff\u00bb button_border_color__hover_enabled=\u00bboff\u00bb button_one_border_color__hover_enabled=\u00bboff\u00bb button_two_border_color__hover_enabled=\u00bboff\u00bb button_border_radius__hover_enabled=\u00bboff\u00bb button_one_border_radius__hover_enabled=\u00bboff\u00bb button_two_border_radius__hover_enabled=\u00bboff\u00bb button_letter_spacing__hover_enabled=\u00bboff\u00bb button_one_letter_spacing__hover_enabled=\u00bboff\u00bb button_two_letter_spacing__hover_enabled=\u00bboff\u00bb button_bg_color__hover_enabled=\u00bboff\u00bb button_one_bg_color__hover_enabled=\u00bboff\u00bb button_two_bg_color__hover_enabled=\u00bboff\u00bb][\/et_pb_contact_field][et_pb_contact_field field_id=\u00bbEmail\u00bb field_title=\u00bbCorreo electr\u00f3nico \u00bb field_type=\u00bbemail\u00bb _builder_version=\u00bb3.16&#8243; border_radii=\u00bbon|20px|20px|20px|20px\u00bb button_text_size__hover_enabled=\u00bboff\u00bb button_one_text_size__hover_enabled=\u00bboff\u00bb button_two_text_size__hover_enabled=\u00bboff\u00bb button_text_color__hover_enabled=\u00bboff\u00bb button_one_text_color__hover_enabled=\u00bboff\u00bb button_two_text_color__hover_enabled=\u00bboff\u00bb button_border_width__hover_enabled=\u00bboff\u00bb button_one_border_width__hover_enabled=\u00bboff\u00bb button_two_border_width__hover_enabled=\u00bboff\u00bb button_border_color__hover_enabled=\u00bboff\u00bb button_one_border_color__hover_enabled=\u00bboff\u00bb button_two_border_color__hover_enabled=\u00bboff\u00bb button_border_radius__hover_enabled=\u00bboff\u00bb button_one_border_radius__hover_enabled=\u00bboff\u00bb button_two_border_radius__hover_enabled=\u00bboff\u00bb button_letter_spacing__hover_enabled=\u00bboff\u00bb button_one_letter_spacing__hover_enabled=\u00bboff\u00bb button_two_letter_spacing__hover_enabled=\u00bboff\u00bb button_bg_color__hover_enabled=\u00bboff\u00bb button_one_bg_color__hover_enabled=\u00bboff\u00bb button_two_bg_color__hover_enabled=\u00bboff\u00bb][\/et_pb_contact_field][et_pb_contact_field field_id=\u00bbCel\u00bb field_title=\u00bbN\u00famero telef\u00f3nico\u00bb _builder_version=\u00bb3.16&#8243; form_field_font=\u00bb||||||||\u00bb border_radii=\u00bbon|20px|20px|20px|20px\u00bb button_text_size__hover_enabled=\u00bboff\u00bb button_one_text_size__hover_enabled=\u00bboff\u00bb button_two_text_size__hover_enabled=\u00bboff\u00bb button_text_color__hover_enabled=\u00bboff\u00bb button_one_text_color__hover_enabled=\u00bboff\u00bb button_two_text_color__hover_enabled=\u00bboff\u00bb button_border_width__hover_enabled=\u00bboff\u00bb button_one_border_width__hover_enabled=\u00bboff\u00bb button_two_border_width__hover_enabled=\u00bboff\u00bb button_border_color__hover_enabled=\u00bboff\u00bb button_one_border_color__hover_enabled=\u00bboff\u00bb button_two_border_color__hover_enabled=\u00bboff\u00bb button_border_radius__hover_enabled=\u00bboff\u00bb button_one_border_radius__hover_enabled=\u00bboff\u00bb button_two_border_radius__hover_enabled=\u00bboff\u00bb button_letter_spacing__hover_enabled=\u00bboff\u00bb button_one_letter_spacing__hover_enabled=\u00bboff\u00bb button_two_letter_spacing__hover_enabled=\u00bboff\u00bb button_bg_color__hover_enabled=\u00bboff\u00bb button_one_bg_color__hover_enabled=\u00bboff\u00bb button_two_bg_color__hover_enabled=\u00bboff\u00bb][\/et_pb_contact_field][et_pb_contact_field field_id=\u00bbEmpresa\u00bb field_title=\u00bbNombre de empresa\u00bb _builder_version=\u00bb3.16&#8243; form_field_font=\u00bb||||||||\u00bb border_radii=\u00bbon|20px|20px|20px|20px\u00bb button_text_size__hover_enabled=\u00bboff\u00bb button_one_text_size__hover_enabled=\u00bboff\u00bb button_two_text_size__hover_enabled=\u00bboff\u00bb button_text_color__hover_enabled=\u00bboff\u00bb button_one_text_color__hover_enabled=\u00bboff\u00bb button_two_text_color__hover_enabled=\u00bboff\u00bb button_border_width__hover_enabled=\u00bboff\u00bb button_one_border_width__hover_enabled=\u00bboff\u00bb button_two_border_width__hover_enabled=\u00bboff\u00bb button_border_color__hover_enabled=\u00bboff\u00bb button_one_border_color__hover_enabled=\u00bboff\u00bb button_two_border_color__hover_enabled=\u00bboff\u00bb button_border_radius__hover_enabled=\u00bboff\u00bb button_one_border_radius__hover_enabled=\u00bboff\u00bb button_two_border_radius__hover_enabled=\u00bboff\u00bb button_letter_spacing__hover_enabled=\u00bboff\u00bb button_one_letter_spacing__hover_enabled=\u00bboff\u00bb button_two_letter_spacing__hover_enabled=\u00bboff\u00bb button_bg_color__hover_enabled=\u00bboff\u00bb button_one_bg_color__hover_enabled=\u00bboff\u00bb button_two_bg_color__hover_enabled=\u00bboff\u00bb][\/et_pb_contact_field][et_pb_contact_field field_id=\u00bbMessage\u00bb field_title=\u00bbMensaje\u00bb field_type=\u00bbtext\u00bb fullwidth_field=\u00bbon\u00bb _builder_version=\u00bb3.16&#8243; border_radii=\u00bbon|20px|20px|20px|20px\u00bb button_text_size__hover_enabled=\u00bboff\u00bb button_one_text_size__hover_enabled=\u00bboff\u00bb button_two_text_size__hover_enabled=\u00bboff\u00bb button_text_color__hover_enabled=\u00bboff\u00bb button_one_text_color__hover_enabled=\u00bboff\u00bb button_two_text_color__hover_enabled=\u00bboff\u00bb button_border_width__hover_enabled=\u00bboff\u00bb button_one_border_width__hover_enabled=\u00bboff\u00bb button_two_border_width__hover_enabled=\u00bboff\u00bb button_border_color__hover_enabled=\u00bboff\u00bb button_one_border_color__hover_enabled=\u00bboff\u00bb button_two_border_color__hover_enabled=\u00bboff\u00bb button_border_radius__hover_enabled=\u00bboff\u00bb button_one_border_radius__hover_enabled=\u00bboff\u00bb button_two_border_radius__hover_enabled=\u00bboff\u00bb button_letter_spacing__hover_enabled=\u00bboff\u00bb button_one_letter_spacing__hover_enabled=\u00bboff\u00bb button_two_letter_spacing__hover_enabled=\u00bboff\u00bb button_bg_color__hover_enabled=\u00bboff\u00bb button_one_bg_color__hover_enabled=\u00bboff\u00bb button_two_bg_color__hover_enabled=\u00bboff\u00bb][\/et_pb_contact_field][\/et_pb_contact_form][\/et_pb_column][et_pb_column type=\u00bb1_2&#8243; _builder_version=\u00bb3.25&#8243; custom_padding=\u00bb|||\u00bb custom_padding__hover=\u00bb|||\u00bb][\/et_pb_column][\/et_pb_row][\/et_pb_section][et_pb_section fb_built=\u00bb1&#8243; _builder_version=\u00bb3.22&#8243; custom_padding=\u00bb0|0px|0|0px|false|false\u00bb global_module=\u00bb2188&#8243; saved_tabs=\u00bball\u00bb][et_pb_row column_structure=\u00bb1_3,1_3,1_3&#8243; _builder_version=\u00bb3.26.3&#8243;][et_pb_column type=\u00bb1_3&#8243; _builder_version=\u00bb3.26.3&#8243;][et_pb_image src=\u00bbhttps:\/\/leversens.com\/wp-content\/uploads\/2019\/04\/leversens..jpeg\u00bb _builder_version=\u00bb3.26.3&#8243; width=\u00bb65%\u00bb module_alignment=\u00bbcenter\u00bb custom_margin=\u00bb-27px||||false|false\u00bb][\/et_pb_image][\/et_pb_column][et_pb_column type=\u00bb1_3&#8243; _builder_version=\u00bb3.26.3&#8243;][et_pb_text _builder_version=\u00bb3.26.3&#8243; text_font=\u00bbVerdana||||||||\u00bb text_text_align=\u00bbcenter\u00bb text_text_color=\u00bb#000000&#8243; custom_margin=\u00bb11px||||false|false\u00bb]<\/p>\n<p>Av. calle 100 # 47a &#8211; 11 Bogot\u00e1- Colombia<br \/>Cel: (+57) 316 468 9625<br \/>Tel: (+57) 5897521<br \/> contactenos@leversens.com<\/p>\n<p>[\/et_pb_text][\/et_pb_column][et_pb_column type=\u00bb1_3&#8243; _builder_version=\u00bb3.26.3&#8243;][et_pb_text _builder_version=\u00bb3.26.3&#8243; text_text_align=\u00bbcenter\u00bb custom_margin=\u00bb25px||||false|false\u00bb]<\/p>\n<p><a href=\"https:\/\/www.linkedin.com\/company\/leversens\/\" title=\"LinkedIn\"><img loading=\"lazy\" decoding=\"async\" src=\"https:\/\/leversens.com\/wp-content\/uploads\/2019\/04\/linkedin.png\" width=\"64\" height=\"64\" alt=\"\" class=\"wp-image-2152 alignnone size-full\" \/><\/a><a href=\"https:\/\/www.instagram.com\/leversensltda\/\" title=\"Instagram\"><img loading=\"lazy\" decoding=\"async\" src=\"https:\/\/leversens.com\/wp-content\/uploads\/2019\/04\/insta2.png\" width=\"64\" height=\"64\" alt=\"\" class=\"wp-image-2151 alignnone size-full\" \/><\/a><a href=\"https:\/\/www.facebook.com\/leversens\/\" title=\"Facebook\"><img loading=\"lazy\" decoding=\"async\" src=\"https:\/\/leversens.com\/wp-content\/uploads\/2019\/04\/fb.png\" width=\"64\" height=\"64\" alt=\"\" class=\"wp-image-2146 alignnone size-full\" \/><\/a><a href=\"https:\/\/www.youtube.com\/channel\/UCe1YC40BomA0QM_vonnz0Lw\" title=\"Youtube\"><img loading=\"lazy\" decoding=\"async\" src=\"https:\/\/leversens.com\/wp-content\/uploads\/2019\/04\/youtube3.png\" width=\"64\" height=\"64\" alt=\"\" class=\"wp-image-2153 alignnone size-full\" \/><\/a><\/p>\n<p>[\/et_pb_text][\/et_pb_column][\/et_pb_row][\/et_pb_section]<\/p>\n","protected":false},"excerpt":{"rendered":"<p>Habilidades gerenciales de Teor\u00eda de restricciones\u00a0Si eres suscriptor de Virtual Pro o de las instituciones adscritas, solicita tu c\u00f3digo de descuento.\u00bfPor qu\u00e9 es necesario? \u00a0 El liderazgo de una organizaci\u00f3n debe nacer del liderazgo personal. Vivir una vida significativa fue la meta que el Dr. Goldratt decidi\u00f3 tener. Para hacerlo, construy\u00f3 una serie de herramientas [&hellip;]<\/p>\n","protected":false},"author":1,"featured_media":0,"parent":0,"menu_order":0,"comment_status":"closed","ping_status":"closed","template":"","meta":{"_et_pb_use_builder":"on","_et_pb_old_content":"","_et_gb_content_width":"","footnotes":""},"class_list":["post-4686","page","type-page","status-publish","hentry"],"yoast_head":"<!-- This site is optimized with the Yoast SEO plugin v27.4 - https:\/\/yoast.com\/product\/yoast-seo-wordpress\/ -->\n<title>Habilidades gerenciales - Leversens<\/title>\n<meta name=\"robots\" content=\"index, follow, max-snippet:-1, max-image-preview:large, max-video-preview:-1\" \/>\n<link rel=\"canonical\" href=\"https:\/\/leversens.com\/en\/habilidades-gerenciales\/\" \/>\n<meta property=\"og:locale\" content=\"en_US\" \/>\n<meta property=\"og:type\" content=\"article\" \/>\n<meta property=\"og:title\" content=\"Habilidades gerenciales - Leversens\" \/>\n<meta property=\"og:description\" content=\"Habilidades gerenciales de Teor\u00eda de restricciones\u00a0Si eres suscriptor de Virtual Pro o de las instituciones adscritas, solicita tu c\u00f3digo de descuento.\u00bfPor qu\u00e9 es necesario? \u00a0 El liderazgo de una organizaci\u00f3n debe nacer del liderazgo personal. Vivir una vida significativa fue la meta que el Dr. Goldratt decidi\u00f3 tener. Para hacerlo, construy\u00f3 una serie de herramientas [&hellip;]\" \/>\n<meta property=\"og:url\" content=\"https:\/\/leversens.com\/en\/habilidades-gerenciales\/\" \/>\n<meta property=\"og:site_name\" content=\"Leversens\" \/>\n<meta property=\"article:modified_time\" content=\"2020-05-22T00:25:28+00:00\" \/>\n<meta property=\"og:image\" content=\"https:\/\/leversens.com\/wp-content\/uploads\/2019\/04\/linkedin.png\" \/>\n\t<meta property=\"og:image:width\" content=\"64\" \/>\n\t<meta property=\"og:image:height\" content=\"64\" \/>\n\t<meta property=\"og:image:type\" content=\"image\/png\" \/>\n<meta name=\"twitter:card\" content=\"summary_large_image\" \/>\n<meta name=\"twitter:label1\" content=\"Est. reading time\" \/>\n\t<meta name=\"twitter:data1\" content=\"21 minutes\" \/>\n<script type=\"application\/ld+json\" class=\"yoast-schema-graph\">{\"@context\":\"https:\\\/\\\/schema.org\",\"@graph\":[{\"@type\":\"WebPage\",\"@id\":\"https:\\\/\\\/leversens.com\\\/habilidades-gerenciales\\\/\",\"url\":\"https:\\\/\\\/leversens.com\\\/habilidades-gerenciales\\\/\",\"name\":\"Habilidades gerenciales - Leversens\",\"isPartOf\":{\"@id\":\"https:\\\/\\\/leversens.com\\\/#website\"},\"primaryImageOfPage\":{\"@id\":\"https:\\\/\\\/leversens.com\\\/habilidades-gerenciales\\\/#primaryimage\"},\"image\":{\"@id\":\"https:\\\/\\\/leversens.com\\\/habilidades-gerenciales\\\/#primaryimage\"},\"thumbnailUrl\":\"https:\\\/\\\/leversens.com\\\/wp-content\\\/uploads\\\/2019\\\/04\\\/linkedin.png\",\"datePublished\":\"2020-05-20T23:16:23+00:00\",\"dateModified\":\"2020-05-22T00:25:28+00:00\",\"breadcrumb\":{\"@id\":\"https:\\\/\\\/leversens.com\\\/habilidades-gerenciales\\\/#breadcrumb\"},\"inLanguage\":\"en-US\",\"potentialAction\":[{\"@type\":\"ReadAction\",\"target\":[\"https:\\\/\\\/leversens.com\\\/habilidades-gerenciales\\\/\"]}]},{\"@type\":\"ImageObject\",\"inLanguage\":\"en-US\",\"@id\":\"https:\\\/\\\/leversens.com\\\/habilidades-gerenciales\\\/#primaryimage\",\"url\":\"https:\\\/\\\/leversens.com\\\/wp-content\\\/uploads\\\/2019\\\/04\\\/linkedin.png\",\"contentUrl\":\"https:\\\/\\\/leversens.com\\\/wp-content\\\/uploads\\\/2019\\\/04\\\/linkedin.png\"},{\"@type\":\"BreadcrumbList\",\"@id\":\"https:\\\/\\\/leversens.com\\\/habilidades-gerenciales\\\/#breadcrumb\",\"itemListElement\":[{\"@type\":\"ListItem\",\"position\":1,\"name\":\"Home\",\"item\":\"https:\\\/\\\/leversens.com\\\/\"},{\"@type\":\"ListItem\",\"position\":2,\"name\":\"Habilidades gerenciales\"}]},{\"@type\":\"WebSite\",\"@id\":\"https:\\\/\\\/leversens.com\\\/#website\",\"url\":\"https:\\\/\\\/leversens.com\\\/\",\"name\":\"Leversens\",\"description\":\"Ayudamos a l\u00edderes lograr sus metas cr\u00edticas m\u00e1s r\u00e1pido.\",\"potentialAction\":[{\"@type\":\"SearchAction\",\"target\":{\"@type\":\"EntryPoint\",\"urlTemplate\":\"https:\\\/\\\/leversens.com\\\/?s={search_term_string}\"},\"query-input\":{\"@type\":\"PropertyValueSpecification\",\"valueRequired\":true,\"valueName\":\"search_term_string\"}}],\"inLanguage\":\"en-US\"}]}<\/script>\n<!-- \/ Yoast SEO plugin. -->","yoast_head_json":{"title":"Habilidades gerenciales - Leversens","robots":{"index":"index","follow":"follow","max-snippet":"max-snippet:-1","max-image-preview":"max-image-preview:large","max-video-preview":"max-video-preview:-1"},"canonical":"https:\/\/leversens.com\/en\/habilidades-gerenciales\/","og_locale":"en_US","og_type":"article","og_title":"Habilidades gerenciales - Leversens","og_description":"Habilidades gerenciales de Teor\u00eda de restricciones\u00a0Si eres suscriptor de Virtual Pro o de las instituciones adscritas, solicita tu c\u00f3digo de descuento.\u00bfPor qu\u00e9 es necesario? \u00a0 El liderazgo de una organizaci\u00f3n debe nacer del liderazgo personal. Vivir una vida significativa fue la meta que el Dr. Goldratt decidi\u00f3 tener. Para hacerlo, construy\u00f3 una serie de herramientas [&hellip;]","og_url":"https:\/\/leversens.com\/en\/habilidades-gerenciales\/","og_site_name":"Leversens","article_modified_time":"2020-05-22T00:25:28+00:00","og_image":[{"width":64,"height":64,"url":"https:\/\/leversens.com\/wp-content\/uploads\/2019\/04\/linkedin.png","type":"image\/png"}],"twitter_card":"summary_large_image","twitter_misc":{"Est. reading time":"21 minutes"},"schema":{"@context":"https:\/\/schema.org","@graph":[{"@type":"WebPage","@id":"https:\/\/leversens.com\/habilidades-gerenciales\/","url":"https:\/\/leversens.com\/habilidades-gerenciales\/","name":"Habilidades gerenciales - Leversens","isPartOf":{"@id":"https:\/\/leversens.com\/#website"},"primaryImageOfPage":{"@id":"https:\/\/leversens.com\/habilidades-gerenciales\/#primaryimage"},"image":{"@id":"https:\/\/leversens.com\/habilidades-gerenciales\/#primaryimage"},"thumbnailUrl":"https:\/\/leversens.com\/wp-content\/uploads\/2019\/04\/linkedin.png","datePublished":"2020-05-20T23:16:23+00:00","dateModified":"2020-05-22T00:25:28+00:00","breadcrumb":{"@id":"https:\/\/leversens.com\/habilidades-gerenciales\/#breadcrumb"},"inLanguage":"en-US","potentialAction":[{"@type":"ReadAction","target":["https:\/\/leversens.com\/habilidades-gerenciales\/"]}]},{"@type":"ImageObject","inLanguage":"en-US","@id":"https:\/\/leversens.com\/habilidades-gerenciales\/#primaryimage","url":"https:\/\/leversens.com\/wp-content\/uploads\/2019\/04\/linkedin.png","contentUrl":"https:\/\/leversens.com\/wp-content\/uploads\/2019\/04\/linkedin.png"},{"@type":"BreadcrumbList","@id":"https:\/\/leversens.com\/habilidades-gerenciales\/#breadcrumb","itemListElement":[{"@type":"ListItem","position":1,"name":"Home","item":"https:\/\/leversens.com\/"},{"@type":"ListItem","position":2,"name":"Habilidades gerenciales"}]},{"@type":"WebSite","@id":"https:\/\/leversens.com\/#website","url":"https:\/\/leversens.com\/","name":"Leversens","description":"Ayudamos a l\u00edderes lograr sus metas cr\u00edticas m\u00e1s r\u00e1pido.","potentialAction":[{"@type":"SearchAction","target":{"@type":"EntryPoint","urlTemplate":"https:\/\/leversens.com\/?s={search_term_string}"},"query-input":{"@type":"PropertyValueSpecification","valueRequired":true,"valueName":"search_term_string"}}],"inLanguage":"en-US"}]}},"_links":{"self":[{"href":"https:\/\/leversens.com\/en\/wp-json\/wp\/v2\/pages\/4686","targetHints":{"allow":["GET"]}}],"collection":[{"href":"https:\/\/leversens.com\/en\/wp-json\/wp\/v2\/pages"}],"about":[{"href":"https:\/\/leversens.com\/en\/wp-json\/wp\/v2\/types\/page"}],"author":[{"embeddable":true,"href":"https:\/\/leversens.com\/en\/wp-json\/wp\/v2\/users\/1"}],"replies":[{"embeddable":true,"href":"https:\/\/leversens.com\/en\/wp-json\/wp\/v2\/comments?post=4686"}],"version-history":[{"count":3,"href":"https:\/\/leversens.com\/en\/wp-json\/wp\/v2\/pages\/4686\/revisions"}],"predecessor-version":[{"id":4755,"href":"https:\/\/leversens.com\/en\/wp-json\/wp\/v2\/pages\/4686\/revisions\/4755"}],"wp:attachment":[{"href":"https:\/\/leversens.com\/en\/wp-json\/wp\/v2\/media?parent=4686"}],"curies":[{"name":"wp","href":"https:\/\/api.w.org\/{rel}","templated":true}]}}